{"id":15083,"date":"2017-03-04T21:15:51","date_gmt":"2017-03-04T21:15:51","guid":{"rendered":"https:\/\/www.paulonogueiraterapias.com\/curso-en-linea-de-terapia-multidimensional-en-brasil\/"},"modified":"2017-03-04T21:15:51","modified_gmt":"2017-03-04T21:15:51","slug":"curso-en-linea-de-terapia-multidimensional-en-brasil","status":"publish","type":"page","link":"https:\/\/www.paulonogueiraterapias.com\/es\/curso-en-linea-de-terapia-multidimensional-en-brasil\/","title":{"rendered":"Curso en l\u00ednea de terapia multidimensional en Brasil"},"content":{"rendered":"<div style=\"font-size: 10pt;\">\n<h2 style=\"font-size: 10pt; display: inline; text-align: justify;\">Paulo Nogueira, formador de Terapeutas Multidimensionales, te presenta el <a href=\"https:\/\/www.paulonogueiraterapias.com\/curso-de-terapia-multidimensional-online\/\">curso online de Terapia Multidimensional<\/a> donde en la comodidad de tu casa podr\u00e1s disfrutar de todo el entorno del curso como si estuvieras en modo presencial en una sala real.<br \/>\nEl curso online de Terapia Multidimensional es una oportunidad para ti que no tienes la posibilidad de viajar a una ciudad o pa\u00eds donde se imparte el curso de forma presencial por el formador Paulo Nogueira.<\/h2>\n<p style=\"text-align: justify;\">Habiendo ya adquirido la experiencia de la misma formaci\u00f3n tanto presencial como online, Paulo Nogueira te trae la posibilidad, a trav\u00e9s de videoconferencia, de recibir las iniciaciones ofrecidas por varios Seres de Luz, entre ellos el Maestro Sananda (Jes\u00fas), el Maestro Saint Germain, Kuthumi, la Madre Mar\u00eda, el Arc\u00e1ngel Miguel, el Maestro Adama, Kryon entre muchas otras conciencias divinas que har\u00e1n del curso un hito en tu evoluci\u00f3n espiritual y en tu historia de Ascensi\u00f3n como Alma.<\/p>\n<p style=\"text-align: justify;\">La experiencia extremadamente positiva de varios terapeutas multidimensionales formados de esta manera en la curaci\u00f3n de sus clientes es para Paulo Nogueira un motivo de orgullo y est\u00edmulo en su camino de difusi\u00f3n de la Luz y del Amor a trav\u00e9s de esta formidable terapia que opera desde el Coraz\u00f3n.<\/p>\n<p><a href=\"https:\/\/www.paulonogueiraterapias.com\/curso-de-terapia-multidimensional-online\/\">\u00a1Haz clic aqu\u00ed para conocer los detalles t\u00e9cnicos de tu inscripci\u00f3n y ven a formarte como terapeuta multidimensional!<\/a><\/p>\n<p style=\"text-align: justify;\">Tras el curso de terapeuta multidimensional online, recibir\u00e1s tu certificado digitalizado por correo electr\u00f3nico y podr\u00e1s facilitar sesiones de Terapia Multidimensional a ti mismo o a otros, en modalidad presencial u online.<\/p>\n<\/div>\n<h2 style=\"font-size: 10pt; display: inline;\">Curso de Terapia Multidimensional en S\u00e3o Paulo en 2018 con Paulo Nogueira &#8211;<\/h2>\n<h3 style=\"font-size: 9pt; display: inline;\"><a href=\"#\">M\u00e1s informaci\u00f3n<\/a><\/h3>\n<p>&nbsp;<\/p>\n<h2 style=\"font-size: 10pt; display: inline;\">Curso de Terapia Multidimensional en R\u00edo de Janeiro en 2018 con Paulo Nogueira &#8211;<\/h2>\n<h3 style=\"font-size: 9pt; display: inline;\"><a href=\"#\">M\u00e1s informaci\u00f3n<\/a><\/h3>\n<p>&nbsp;<\/p>\n<h2 style=\"font-size: 10pt; display: inline;\">Curso de Terapia Multidimensional en Brasilia en 2018 con Paulo Nogueira &#8211;<\/h2>\n<h3 style=\"font-size: 9pt; display: inline;\"><a href=\"#\">M\u00e1s informaci\u00f3n<\/a><\/h3>\n<p>&nbsp;<\/p>\n<h2 style=\"font-size: 10pt; display: inline;\">Curso de Terapia Multidimensional en Salvador en 2018 con Paulo Nogueira &#8211;<\/h2>\n<h3 style=\"font-size: 9pt; display: inline;\"><a href=\"#\">M\u00e1s informaci\u00f3n<\/a><\/h3>\n<p>&nbsp;<\/p>\n<h2 style=\"font-size: 10pt; display: inline;\">Curso de Terapia Multidimensional en Fortaleza en 2018 con Paulo Nogueira &#8211;<\/h2>\n<h3 style=\"font-size: 9pt; display: inline;\"><a href=\"#\">M\u00e1s informaci\u00f3n<\/a><\/h3>\n<p>&nbsp;<\/p>\n<h2 style=\"font-size: 10pt; display: inline;\">Curso de Terapia Multidimensional en Belo Horizonte en 2018 con Paulo Nogueira &#8211;<\/h2>\n<h3 style=\"font-size: 9pt; display: inline;\"><a href=\"#\">M\u00e1s informaci\u00f3n<\/a><\/h3>\n<p>&nbsp;<\/p>\n<h2 style=\"font-size: 10pt; display: inline;\">Curso de Terapia Multidimensional en Manaus en 2018 con Paulo Nogueira &#8211;<\/h2>\n<h3 style=\"font-size: 9pt; display: inline;\"><a href=\"#\">M\u00e1s informaci\u00f3n<\/a><\/h3>\n<p>&nbsp;<\/p>\n<h2 style=\"font-size: 10pt; display: inline;\">Curso de Terapia Multidimensional en Curitiba en 2018 con Paulo Nogueira &#8211;<\/h2>\n<h3 style=\"font-size: 9pt; display: inline;\"><a href=\"#\">M\u00e1s informaci\u00f3n<\/a><\/h3>\n<p>&nbsp;<\/p>\n<h2 style=\"font-size: 10pt; display: inline;\">Curso de Terapia Multidimensional en Recife en 2018 con Paulo Nogueira &#8211;<\/h2>\n<h3 style=\"font-size: 9pt; display: inline;\"><a href=\"#\">M\u00e1s informaci\u00f3n<\/a><\/h3>\n<p>&nbsp;<\/p>\n<h2 style=\"font-size: 10pt; display: inline;\">Curso de Terapia Multidimensional en Porto Alegre en 2018 con Paulo Nogueira &#8211;<\/h2>\n<h3 style=\"font-size: 9pt; display: inline;\"><a href=\"#\">M\u00e1s informaci\u00f3n<\/a><\/h3>\n<p>&nbsp;<\/p>\n<h2 style=\"font-size: 10pt; display: inline;\">Curso de Terapia Multidimensional en Goi\u00e2nia en 2018 con Paulo Nogueira &#8211;<\/h2>\n<h3 style=\"font-size: 9pt; display: inline;\"><a href=\"#\">M\u00e1s informaci\u00f3n<\/a><\/h3>\n<p>&nbsp;<\/p>\n<h2 style=\"font-size: 10pt; display: inline;\">Curso de Terapia Multidimensional en Bel\u00e9m en 2018 con Paulo Nogueira &#8211;<\/h2>\n<h3 style=\"font-size: 9pt; display: inline;\"><a href=\"#\">M\u00e1s informaci\u00f3n<\/a><\/h3>\n<p>&nbsp;<\/p>\n<h2 style=\"font-size: 10pt; display: inline;\">Curso de Terapia Multidimensional en Guarulhos en 2018 con Paulo Nogueira &#8211;<\/h2>\n<h3 style=\"font-size: 9pt; display: inline;\"><a href=\"#\">M\u00e1s informaci\u00f3n<\/a><\/h3>\n<p>&nbsp;<\/p>\n<h2 style=\"font-size: 10pt; display: inline;\">Curso de Terapia Multidimensional en Campinas en 2018 con Paulo Nogueira &#8211;<\/h2>\n<h3 style=\"font-size: 9pt; display: inline;\"><a href=\"#\">M\u00e1s informaci\u00f3n<\/a><\/h3>\n<p>&nbsp;<\/p>\n<h2 style=\"font-size: 10pt; display: inline;\">Curso de Terapia Multidimensional en S\u00e3o Lu\u00eds en 2018 con Paulo Nogueira &#8211;<\/h2>\n<h3 style=\"font-size: 9pt; display: inline;\"><a href=\"#\">M\u00e1s informaci\u00f3n<\/a><\/h3>\n<p>&nbsp;<\/p>\n<h2 style=\"font-size: 10pt; display: inline;\">Curso de Terapia Multidimensional en S\u00e3o Gon\u00e7alo en 2018 con Paulo Nogueira &#8211;<\/h2>\n<h3 style=\"font-size: 9pt; display: inline;\"><a href=\"#\">M\u00e1s informaci\u00f3n<\/a><\/h3>\n<p>&nbsp;<\/p>\n<h2 style=\"font-size: 10pt; display: inline;\">Curso de Terapia Multidimensional en Macei\u00f3 en 2018 con Paulo Nogueira &#8211;<\/h2>\n<h3 style=\"font-size: 9pt; display: inline;\"><a href=\"#\">M\u00e1s informaci\u00f3n<\/a><\/h3>\n<p>&nbsp;<\/p>\n<h2 style=\"font-size: 10pt; display: inline;\">Curso de Terapia Multidimensional en Duque de Caxias en 2018 con Paulo Nogueira &#8211;<\/h2>\n<h3 style=\"font-size: 9pt; display: inline;\"><a href=\"#\">M\u00e1s informaci\u00f3n<\/a><\/h3>\n<p>&nbsp;<\/p>\n<h2 style=\"font-size: 10pt; display: inline;\">Curso de Terapia Multidimensional en Natal en 2018 con Paulo Nogueira &#8211;<\/h2>\n<h3 style=\"font-size: 9pt; display: inline;\"><a href=\"#\">M\u00e1s informaci\u00f3n<\/a><\/h3>\n<p>&nbsp;<\/p>\n<h2 style=\"font-size: 10pt; display: inline;\">Curso de terapia multidimensional en Campo Grande en 2018 con Paulo Nogueira &#8211;<\/h2>\n<h3 style=\"font-size: 9pt; display: inline;\"><a href=\"#\">M\u00e1s informaci\u00f3n<\/a><\/h3>\n<p>&nbsp;<\/p>\n<h2 style=\"font-size: 10pt; display: inline;\">Curso de Terapia Multidimensional en Teresina en 2018 con Paulo Nogueira &#8211;<\/h2>\n<h3 style=\"font-size: 9pt; display: inline;\"><a href=\"#\">M\u00e1s informaci\u00f3n<\/a><\/h3>\n<p>&nbsp;<\/p>\n<h2 style=\"font-size: 10pt; display: inline;\">Curso de Terapia Multidimensional en S\u00e3o Bernardo do Campo en 2018 con Paulo Nogueira &#8211;<\/h2>\n<h3 style=\"font-size: 9pt; display: inline;\"><a href=\"#\">M\u00e1s informaci\u00f3n<\/a><\/h3>\n<p>&nbsp;<\/p>\n<h2 style=\"font-size: 10pt; display: inline;\">Curso de Terapia Multidimensional en Nova Igua\u00e7u en 2018 con Paulo Nogueira &#8211;<\/h2>\n<h3 style=\"font-size: 9pt; display: inline;\"><a href=\"#\">M\u00e1s informaci\u00f3n<\/a><\/h3>\n<p>&nbsp;<\/p>\n<h2 style=\"font-size: 10pt; display: inline;\">Curso de Terapia Multidimensional en Jo\u00e3o Pessoa en 2018 con Paulo Nogueira &#8211;<\/h2>\n<h3 style=\"font-size: 9pt; display: inline;\"><a href=\"#\">M\u00e1s informaci\u00f3n<\/a><\/h3>\n<p>&nbsp;<\/p>\n<h2 style=\"font-size: 10pt; display: inline;\">Curso de terapia multidimensional en Santo Andr\u00e9 en 2018 con Paulo Nogueira &#8211;<\/h2>\n<h3 style=\"font-size: 9pt; display: inline;\"><a href=\"#\">M\u00e1s informaci\u00f3n<\/a><\/h3>\n<p>&nbsp;<\/p>\n<h2 style=\"font-size: 10pt; display: inline;\">Curso de terapia multidimensional en Osasco en 2018 con Paulo Nogueira &#8211;<\/h2>\n<h3 style=\"font-size: 9pt; display: inline;\"><a href=\"#\">M\u00e1s informaci\u00f3n<\/a><\/h3>\n<p>&nbsp;<\/p>\n<h2 style=\"font-size: 10pt; display: inline;\">Curso de Terapia Multidimensional en Jaboat\u00e3o dos Guararapes en 2018 con Paulo Nogueira &#8211;<\/h2>\n<h3 style=\"font-size: 9pt; display: inline;\"><a href=\"#\">M\u00e1s informaci\u00f3n<\/a><\/h3>\n<p>&nbsp;<\/p>\n<h2 style=\"font-size: 10pt; display: inline;\">Curso de Terapia Multidimensional en S\u00e3o Jos\u00e9 dos Campos en 2018 con Paulo Nogueira &#8211;<\/h2>\n<h3 style=\"font-size: 9pt; display: inline;\"><a href=\"#\">M\u00e1s informaci\u00f3n<\/a><\/h3>\n<p>&nbsp;<\/p>\n<h2 style=\"font-size: 10pt; display: inline;\">Curso de Terapia Multidimensional en Ribeir\u00e3o Preto en 2018 con Paulo Nogueira &#8211;<\/h2>\n<h3 style=\"font-size: 9pt; display: inline;\"><a href=\"#\">M\u00e1s informaci\u00f3n<\/a><\/h3>\n<p>&nbsp;<\/p>\n<h2 style=\"font-size: 10pt; display: inline;\">Curso de Terapia Multidimensional en Uberl\u00e2ndia en 2018 con Paulo Nogueira &#8211;<\/h2>\n<h3 style=\"font-size: 9pt; display: inline;\"><a href=\"#\">M\u00e1s informaci\u00f3n<\/a><\/h3>\n<p>&nbsp;<\/p>\n<h2 style=\"font-size: 10pt; display: inline;\">Curso de terapia multidimensional en Contagem en 2018 con Paulo Nogueira &#8211;<\/h2>\n<h3 style=\"font-size: 9pt; display: inline;\"><a href=\"#\">M\u00e1s informaci\u00f3n<\/a><\/h3>\n<p>&nbsp;<\/p>\n<h2 style=\"font-size: 10pt; display: inline;\">Curso de terapia multidimensional en Sorocaba en 2018 con Paulo Nogueira &#8211;<\/h2>\n<h3 style=\"font-size: 9pt; display: inline;\"><a href=\"#\">M\u00e1s informaci\u00f3n<\/a><\/h3>\n<p>&nbsp;<\/p>\n<h2 style=\"font-size: 10pt; display: inline;\">Curso de Terapia Multidimensional en Aracaju en 2018 con Paulo Nogueira &#8211;<\/h2>\n<h3 style=\"font-size: 9pt; display: inline;\"><a href=\"#\">M\u00e1s informaci\u00f3n<\/a><\/h3>\n<p>&nbsp;<\/p>\n<h2 style=\"font-size: 10pt; display: inline;\">Curso de Terapia Multidimensional en Feira de Santana en 2018 con Paulo Nogueira &#8211;<\/h2>\n<h3 style=\"font-size: 9pt; display: inline;\"><a href=\"#\">M\u00e1s informaci\u00f3n<\/a><\/h3>\n<p>&nbsp;<\/p>\n<h2 style=\"font-size: 10pt; display: inline;\">Curso de Terapia Multidimensional en Cuiab\u00e1 en 2018 con Paulo Nogueira &#8211;<\/h2>\n<h3 style=\"font-size: 9pt; display: inline;\"><a href=\"#\">M\u00e1s informaci\u00f3n<\/a><\/h3>\n<p>&nbsp;<\/p>\n<h2 style=\"font-size: 10pt; display: inline;\">Curso de Terapia Multidimensional en Joinville en 2018 con Paulo Nogueira &#8211;<\/h2>\n<h3 style=\"font-size: 9pt; display: inline;\"><a href=\"#\">M\u00e1s informaci\u00f3n<\/a><\/h3>\n<p>&nbsp;<\/p>\n<h2 style=\"font-size: 10pt; display: inline;\">Curso de Terapia Multidimensional en Juiz de Fora en 2018 con Paulo Nogueira &#8211;<\/h2>\n<h3 style=\"font-size: 9pt; display: inline;\"><a href=\"#\">M\u00e1s informaci\u00f3n<\/a><\/h3>\n<p>&nbsp;<\/p>\n<h2 style=\"font-size: 10pt; display: inline;\">Curso de Terapia Multidimensional en Londrina en 2018 con Paulo Nogueira &#8211;<\/h2>\n<h3 style=\"font-size: 9pt; display: inline;\"><a href=\"#\">M\u00e1s informaci\u00f3n<\/a><\/h3>\n<p>&nbsp;<\/p>\n<h2 style=\"font-size: 10pt; display: inline;\">Curso de Terapia Multidimensional en Aparecida de Goi\u00e2nia en 2018 con Paulo Nogueira &#8211;<\/h2>\n<h3 style=\"font-size: 9pt; display: inline;\"><a href=\"#\">M\u00e1s informaci\u00f3n<\/a><\/h3>\n<p>&nbsp;<\/p>\n<h2 style=\"font-size: 10pt; display: inline;\">Curso de Terapia Multidimensional en Niter\u00f3i en 2018 con Paulo Nogueira &#8211;<\/h2>\n<h3 style=\"font-size: 9pt; display: inline;\"><a href=\"#\">M\u00e1s informaci\u00f3n<\/a><\/h3>\n<p>&nbsp;<\/p>\n<h2 style=\"font-size: 10pt; display: inline;\">Curso de Terapia Multidimensional en Ananindeua en 2018 con Paulo Nogueira &#8211;<\/h2>\n<h3 style=\"font-size: 9pt; display: inline;\"><a href=\"#\">M\u00e1s informaci\u00f3n<\/a><\/h3>\n<p>&nbsp;<\/p>\n<h2 style=\"font-size: 10pt; display: inline;\">Curso de Terapia Multidimensional en Porto Velho en 2018 con Paulo Nogueira &#8211;<\/h2>\n<h3 style=\"font-size: 9pt; display: inline;\"><a href=\"#\">M\u00e1s informaci\u00f3n<\/a><\/h3>\n<p>&nbsp;<\/p>\n<h2 style=\"font-size: 10pt; display: inline;\">Curso de terapia multidimensional en Belford Roxo en 2018 con Paulo Nogueira &#8211;<\/h2>\n<h3 style=\"font-size: 9pt; display: inline;\"><a href=\"#\">M\u00e1s informaci\u00f3n<\/a><\/h3>\n<p>&nbsp;<\/p>\n<h2 style=\"font-size: 10pt; display: inline;\">Curso de Terapia Multidimensional en Campos dos Goytacazes en 2018 con Paulo Nogueira &#8211;<\/h2>\n<h3 style=\"font-size: 9pt; display: inline;\"><a href=\"#\">M\u00e1s informaci\u00f3n<\/a><\/h3>\n<p>&nbsp;<\/p>\n<h2 style=\"font-size: 10pt; display: inline;\">Curso de terapia multidimensional en Serra en 2018 con Paulo Nogueira &#8211;<\/h2>\n<h3 style=\"font-size: 9pt; display: inline;\"><a href=\"#\">M\u00e1s informaci\u00f3n<\/a><\/h3>\n<p>&nbsp;<\/p>\n<h2 style=\"font-size: 10pt; display: inline;\">Curso de Terapia Multidimensional en Caxias do Sul en 2018 con Paulo Nogueira &#8211;<\/h2>\n<h3 style=\"font-size: 9pt; display: inline;\"><a href=\"#\">M\u00e1s informaci\u00f3n<\/a><\/h3>\n<p>&nbsp;<\/p>\n<h2 style=\"font-size: 10pt; display: inline;\">Curso de Terapia Multidimensional en S\u00e3o Jo\u00e3o de Meriti en 2018 con Paulo Nogueira &#8211;<\/h2>\n<h3 style=\"font-size: 9pt; display: inline;\"><a href=\"#\">M\u00e1s informaci\u00f3n<\/a><\/h3>\n<p>&nbsp;<\/p>\n<h2 style=\"font-size: 10pt; display: inline;\">Curso de Terapia Multidimensional en Vila Velha en 2018 con Paulo Nogueira &#8211;<\/h2>\n<h3 style=\"font-size: 9pt; display: inline;\"><a href=\"#\">M\u00e1s informaci\u00f3n<\/a><\/h3>\n<p>&nbsp;<\/p>\n<h2 style=\"font-size: 10pt; display: inline;\">Curso de Terapia Multidimensional en Florian\u00f3polis en 2018 con Paulo Nogueira &#8211;<\/h2>\n<h3 style=\"font-size: 9pt; display: inline;\"><a href=\"#\">M\u00e1s informaci\u00f3n<\/a><\/h3>\n<p>&nbsp;<\/p>\n<h2 style=\"font-size: 10pt; display: inline;\">Curso de Terapia Multidimensional en Mau\u00e1 en 2018 con Paulo Nogueira &#8211;<\/h2>\n<h3 style=\"font-size: 9pt; display: inline;\"><a href=\"#\">M\u00e1s informaci\u00f3n<\/a><\/h3>\n<p>&nbsp;<\/p>\n<h2 style=\"font-size: 10pt; display: inline;\">Curso de Terapia Multidimensional en Macap\u00e1 en 2018 con Paulo Nogueira &#8211;<\/h2>\n<h3 style=\"font-size: 9pt; display: inline;\"><a href=\"#\">M\u00e1s informaci\u00f3n<\/a><\/h3>\n<p>&nbsp;<\/p>\n<h2 style=\"font-size: 10pt; display: inline;\">Curso de Terapia Multidimensional en S\u00e3o Jos\u00e9 do Rio Preto en 2018 con Paulo Nogueira &#8211;<\/h2>\n<h3 style=\"font-size: 9pt; display: inline;\"><a href=\"#\">M\u00e1s informaci\u00f3n<\/a><\/h3>\n<p>&nbsp;<\/p>\n<h2 style=\"font-size: 10pt; display: inline;\">Curso de Terapia Multidimensional en Santos en 2018 con Paulo Nogueira &#8211;<\/h2>\n<h3 style=\"font-size: 9pt; display: inline;\"><a href=\"#\">M\u00e1s informaci\u00f3n<\/a><\/h3>\n<p>&nbsp;<\/p>\n<h2 style=\"font-size: 10pt; display: inline;\">Curso de Terapia Multidimensional en Mogi das Cruzes en 2018 con Paulo Nogueira &#8211;<\/h2>\n<h3 style=\"font-size: 9pt; display: inline;\"><a href=\"#\">M\u00e1s informaci\u00f3n<\/a><\/h3>\n<p>&nbsp;<\/p>\n<h2 style=\"font-size: 10pt; display: inline;\">Curso de Terapia Multidimensional en Diadema en 2018 con Paulo Nogueira &#8211;<\/h2>\n<h3 style=\"font-size: 9pt; display: inline;\"><a href=\"#\">M\u00e1s informaci\u00f3n<\/a><\/h3>\n<p>&nbsp;<\/p>\n<h2 style=\"font-size: 10pt; display: inline;\">Curso de Terapia Multidimensional en Betim en 2018 con Paulo Nogueira &#8211;<\/h2>\n<h3 style=\"font-size: 9pt; display: inline;\"><a href=\"#\">M\u00e1s informaci\u00f3n<\/a><\/h3>\n<p>&nbsp;<\/p>\n<h2 style=\"font-size: 10pt; display: inline;\">Curso de Terapia Multidimensional en Campina Grande en 2018 con Paulo Nogueira &#8211;<\/h2>\n<h3 style=\"font-size: 9pt; display: inline;\"><a href=\"#\">M\u00e1s informaci\u00f3n<\/a><\/h3>\n<p>&nbsp;<\/p>\n<h2 style=\"font-size: 10pt; display: inline;\">Curso de Terapia Multidimensional en Jundia\u00ed en 2018 con Paulo Nogueira &#8211;<\/h2>\n<h3 style=\"font-size: 9pt; display: inline;\"><a href=\"#\">M\u00e1s informaci\u00f3n<\/a><\/h3>\n<p>&nbsp;<\/p>\n<h2 style=\"font-size: 10pt; display: inline;\">Curso de Terapia Multidimensional en Olinda en 2018 con Paulo Nogueira &#8211;<\/h2>\n<h3 style=\"font-size: 9pt; display: inline;\"><a href=\"#\">M\u00e1s informaci\u00f3n<\/a><\/h3>\n<p>&nbsp;<\/p>\n<h2 style=\"font-size: 10pt; display: inline;\">Curso de Terapia Multidimensional en Carapicu\u00edba en 2018 con Paulo Nogueira &#8211;<\/h2>\n<h3 style=\"font-size: 9pt; display: inline;\"><a href=\"#\">M\u00e1s informaci\u00f3n<\/a><\/h3>\n<p>&nbsp;<\/p>\n<h2 style=\"font-size: 10pt; display: inline;\">Curso de Terapia Multidimensional en Montes Claros en 2018 con Paulo Nogueira &#8211;<\/h2>\n<h3 style=\"font-size: 9pt; display: inline;\"><a href=\"#\">M\u00e1s informaci\u00f3n<\/a><\/h3>\n<p>&nbsp;<\/p>\n<h2 style=\"font-size: 10pt; display: inline;\">Curso de Terapia Multidimensional en Maring\u00e1 en 2018 con Paulo Nogueira &#8211;<\/h2>\n<h3 style=\"font-size: 9pt; display: inline;\"><a href=\"#\">M\u00e1s informaci\u00f3n<\/a><\/h3>\n<p>&nbsp;<\/p>\n<h2 style=\"font-size: 10pt; display: inline;\">Curso de Terapia Multidimensional en Piracicaba en 2018 con Paulo Nogueira &#8211;<\/h2>\n<h3 style=\"font-size: 9pt; display: inline;\"><a href=\"#\">M\u00e1s informaci\u00f3n<\/a><\/h3>\n<p>&nbsp;<\/p>\n<h2 style=\"font-size: 10pt; display: inline;\">Curso de Terapia Multidimensional en Cariacica en 2018 con Paulo Nogueira &#8211;<\/h2>\n<h3 style=\"font-size: 9pt; display: inline;\"><a href=\"#\">M\u00e1s informaci\u00f3n<\/a><\/h3>\n<p>&nbsp;<\/p>\n<h2 style=\"font-size: 10pt; display: inline;\">Curso de Terapia Multidimensional en Bauru en 2018 con Paulo Nogueira &#8211;<\/h2>\n<h3 style=\"font-size: 9pt; display: inline;\"><a href=\"#\">M\u00e1s informaci\u00f3n<\/a><\/h3>\n<p>&nbsp;<\/p>\n<h2 style=\"font-size: 10pt; display: inline;\">Curso de Terapia Multidimensional en An\u00e1polis en 2018 con Paulo Nogueira &#8211;<\/h2>\n<h3 style=\"font-size: 9pt; display: inline;\"><a href=\"#\">M\u00e1s informaci\u00f3n<\/a><\/h3>\n<p>&nbsp;<\/p>\n<h2 style=\"font-size: 10pt; display: inline;\">Curso de Terapia Multidimensional en R\u00edo Branco en 2018 con Paulo Nogueira &#8211;<\/h2>\n<h3 style=\"font-size: 9pt; display: inline;\"><a href=\"#\">M\u00e1s informaci\u00f3n<\/a><\/h3>\n<p>&nbsp;<\/p>\n<h2 style=\"font-size: 10pt; display: inline;\">Curso de Terapia Multidimensional en S\u00e3o Vicente en 2018 con Paulo Nogueira &#8211;<\/h2>\n<h3 style=\"font-size: 9pt; display: inline;\"><a href=\"#\">M\u00e1s informaci\u00f3n<\/a><\/h3>\n<p>&nbsp;<\/p>\n<h2 style=\"font-size: 10pt; display: inline;\">Curso de Terapia Multidimensional en Vit\u00f3ria en 2018 con Paulo Nogueira &#8211;<\/h2>\n<h3 style=\"font-size: 9pt; display: inline;\"><a href=\"#\">M\u00e1s informaci\u00f3n<\/a><\/h3>\n<p>&nbsp;<\/p>\n<h2 style=\"font-size: 10pt; display: inline;\">Curso de Terapia Multidimensional en Caucaia en 2018 con Paulo Nogueira &#8211;<\/h2>\n<h3 style=\"font-size: 9pt; display: inline;\"><a href=\"#\">M\u00e1s informaci\u00f3n<\/a><\/h3>\n<p>&nbsp;<\/p>\n<h2 style=\"font-size: 10pt; display: inline;\">Curso de Terapia Multidimensional en Itaquaquecetuba en 2018 con Paulo Nogueira &#8211;<\/h2>\n<h3 style=\"font-size: 9pt; display: inline;\"><a href=\"#\">M\u00e1s informaci\u00f3n<\/a><\/h3>\n<p>&nbsp;<\/p>\n<h2 style=\"font-size: 10pt; display: inline;\">Curso de Terapia Multidimensional en Pelotas en 2018 con Paulo Nogueira &#8211;<\/h2>\n<h3 style=\"font-size: 9pt; display: inline;\"><a href=\"#\">M\u00e1s informaci\u00f3n<\/a><\/h3>\n<p>&nbsp;<\/p>\n<h2 style=\"font-size: 10pt; display: inline;\">Curso de Terapia Multidimensional en Canoas en 2018 con Paulo Nogueira &#8211;<\/h2>\n<h3 style=\"font-size: 9pt; display: inline;\"><a href=\"#\">M\u00e1s informaci\u00f3n<\/a><\/h3>\n<p>&nbsp;<\/p>\n<h2 style=\"font-size: 10pt; display: inline;\">Curso de Terapia Multidimensional en Caruaru en 2018 con Paulo Nogueira &#8211;<\/h2>\n<h3 style=\"font-size: 9pt; display: inline;\"><a href=\"#\">M\u00e1s informaci\u00f3n<\/a><\/h3>\n<p>&nbsp;<\/p>\n<h2 style=\"font-size: 10pt; display: inline;\">Curso de Terapia Multidimensional en Vit\u00f3ria da Conquista en 2018 con Paulo Nogueira &#8211;<\/h2>\n<h3 style=\"font-size: 9pt; display: inline;\"><a href=\"#\">M\u00e1s informaci\u00f3n<\/a><\/h3>\n<p>&nbsp;<\/p>\n<h2 style=\"font-size: 10pt; display: inline;\">Curso de terapia multidimensional en Franca en 2018 con Paulo Nogueira &#8211;<\/h2>\n<h3 style=\"font-size: 9pt; display: inline;\"><a href=\"#\">M\u00e1s informaci\u00f3n<\/a><\/h3>\n<p>&nbsp;<\/p>\n<h2 style=\"font-size: 10pt; display: inline;\">Curso de Terapia Multidimensional en Ponta Grossa en 2018 con Paulo Nogueira &#8211;<\/h2>\n<h3 style=\"font-size: 9pt; display: inline;\"><a href=\"#\">M\u00e1s informaci\u00f3n<\/a><\/h3>\n<p>&nbsp;<\/p>\n<h2 style=\"font-size: 10pt; display: inline;\">Curso de Terapia Multidimensional en Blumenau en 2018 con Paulo Nogueira &#8211;<\/h2>\n<h3 style=\"font-size: 9pt; display: inline;\"><a href=\"#\">M\u00e1s informaci\u00f3n<\/a><\/h3>\n<p>&nbsp;<\/p>\n<h2 style=\"font-size: 10pt; display: inline;\">Curso de Terapia Multidimensional en Petrolina en 2018 con Paulo Nogueira &#8211;<\/h2>\n<h3 style=\"font-size: 9pt; display: inline;\"><a href=\"#\">M\u00e1s informaci\u00f3n<\/a><\/h3>\n<p>&nbsp;<\/p>\n<h2 style=\"font-size: 10pt; display: inline;\">Curso de Terapia Multidimensional en Paulista en 2018 con Paulo Nogueira &#8211;<\/h2>\n<h3 style=\"font-size: 9pt; display: inline;\"><a href=\"#\">M\u00e1s informaci\u00f3n<\/a><\/h3>\n<p>&nbsp;<\/p>\n<h2 style=\"font-size: 10pt; display: inline;\">Curso de Terapia Multidimensional en Ribeir\u00e3o das Neves en 2018 con Paulo Nogueira &#8211;<\/h2>\n<h3 style=\"font-size: 9pt; display: inline;\"><a href=\"#\">M\u00e1s informaci\u00f3n<\/a><\/h3>\n<p>&nbsp;<\/p>\n<h2 style=\"font-size: 10pt; display: inline;\">Curso de Terapia Multidimensional en Uberaba en 2018 con Paulo Nogueira &#8211;<\/h2>\n<h3 style=\"font-size: 9pt; display: inline;\"><a href=\"#\">M\u00e1s informaci\u00f3n<\/a><\/h3>\n<p>&nbsp;<\/p>\n<h2 style=\"font-size: 10pt; display: inline;\">Curso de Terapia Multidimensional en Boa Vista en 2018 con Paulo Nogueira &#8211;<\/h2>\n<h3 style=\"font-size: 9pt; display: inline;\"><a href=\"#\">M\u00e1s informaci\u00f3n<\/a><\/h3>\n<p>&nbsp;<\/p>\n<h2 style=\"font-size: 10pt; display: inline;\">Curso de Terapia Multidimensional en Guaruj\u00e1 en 2018 con Paulo Nogueira &#8211;<\/h2>\n<h3 style=\"font-size: 9pt; display: inline;\"><a href=\"#\">M\u00e1s informaci\u00f3n<\/a><\/h3>\n<p>&nbsp;<\/p>\n<h2 style=\"font-size: 10pt; display: inline;\">Curso de Terapia Multidimensional en Cascavel en 2018 con Paulo Nogueira &#8211;<\/h2>\n<h3 style=\"font-size: 9pt; display: inline;\"><a href=\"#\">M\u00e1s informaci\u00f3n<\/a><\/h3>\n<p>&nbsp;<\/p>\n<h2 style=\"font-size: 10pt; display: inline;\">Curso de Terapia Multidimensional en Petr\u00f3polis en 2018 con Paulo Nogueira &#8211;<\/h2>\n<h3 style=\"font-size: 9pt; display: inline;\"><a href=\"#\">M\u00e1s informaci\u00f3n<\/a><\/h3>\n<p>&nbsp;<\/p>\n<h2 style=\"font-size: 10pt; display: inline;\">Curso de Terapia Multidimensional en Taubat\u00e9 en 2018 con Paulo Nogueira &#8211;<\/h2>\n<h3 style=\"font-size: 9pt; display: inline;\"><a href=\"#\">M\u00e1s informaci\u00f3n<\/a><\/h3>\n<p>&nbsp;<\/p>\n<h2 style=\"font-size: 10pt; display: inline;\">Curso de Terapia Multidimensional en Limeira en 2018 con Paulo Nogueira &#8211;<\/h2>\n<h3 style=\"font-size: 9pt; display: inline;\"><a href=\"#\">M\u00e1s informaci\u00f3n<\/a><\/h3>\n<p>&nbsp;<\/p>\n<h2 style=\"font-size: 10pt; display: inline;\">Curso de Terapia Multidimensional en Santar\u00e9m en 2018 con Paulo Nogueira &#8211;<\/h2>\n<h3 style=\"font-size: 9pt; display: inline;\"><a href=\"#\">M\u00e1s informaci\u00f3n<\/a><\/h3>\n<p>&nbsp;<\/p>\n<h2 style=\"font-size: 10pt; display: inline;\">Curso de Terapia Multidimensional en Praia Grande en 2018 con Paulo Nogueira &#8211;<\/h2>\n<h3 style=\"font-size: 9pt; display: inline;\"><a href=\"#\">M\u00e1s informaci\u00f3n<\/a><\/h3>\n<p>&nbsp;<\/p>\n<h2 style=\"font-size: 10pt; display: inline;\">Curso de Terapia Multidimensional en S\u00e3o Jos\u00e9 dos Pinhais en 2018 con Paulo Nogueira &#8211;<\/h2>\n<h3 style=\"font-size: 9pt; display: inline;\"><a href=\"#\">M\u00e1s informaci\u00f3n<\/a><\/h3>\n<p>&nbsp;<\/p>\n<h2 style=\"font-size: 10pt; display: inline;\">Curso de terapia multidimensional en Mossor\u00f3 en 2018 con Paulo Nogueira &#8211;<\/h2>\n<h3 style=\"font-size: 9pt; display: inline;\"><a href=\"#\">M\u00e1s informaci\u00f3n<\/a><\/h3>\n<p>&nbsp;<\/p>\n<h2 style=\"font-size: 10pt; display: inline;\">Curso de Terapia Multidimensional en Suzano en 2018 con Paulo Nogueira &#8211;<\/h2>\n<h3 style=\"font-size: 9pt; display: inline;\"><a href=\"#\">M\u00e1s informaci\u00f3n<\/a><\/h3>\n<p>&nbsp;<\/p>\n<h2 style=\"font-size: 10pt; display: inline;\">Curso de Terapia Multidimensional en Cama\u00e7ari en 2018 con Paulo Nogueira &#8211;<\/h2>\n<h3 style=\"font-size: 9pt; display: inline;\"><a href=\"#\">M\u00e1s informaci\u00f3n<\/a><\/h3>\n<p>&nbsp;<\/p>\n<h2 style=\"font-size: 10pt; display: inline;\">Curso de Terapia Multidimensional en Governador Valadares en 2018 con Paulo Nogueira &#8211;<\/h2>\n<h3 style=\"font-size: 9pt; display: inline;\"><a href=\"#\">M\u00e1s informaci\u00f3n<\/a><\/h3>\n<p>&nbsp;<\/p>\n<h2 style=\"font-size: 10pt; display: inline;\">Curso de Terapia Multidimensional en Santa Mar\u00eda en 2018 con Paulo Nogueira &#8211;<\/h2>\n<h3 style=\"font-size: 9pt; display: inline;\"><a href=\"#\">M\u00e1s informaci\u00f3n<\/a><\/h3>\n<p>&nbsp;<\/p>\n<h2 style=\"font-size: 10pt; display: inline;\">Curso de Terapia Multidimensional en Gravata\u00ed en 2018 con Paulo Nogueira &#8211;<\/h2>\n<h3 style=\"font-size: 9pt; display: inline;\"><a href=\"#\">M\u00e1s informaci\u00f3n<\/a><\/h3>\n<p>&nbsp;<\/p>\n<h2 style=\"font-size: 10pt; display: inline;\">Curso de Terapia Multidimensional en Tabo\u00e3o da Serra en 2018 con Paulo Nogueira &#8211;<\/h2>\n<h3 style=\"font-size: 9pt; display: inline;\"><a href=\"#\">M\u00e1s informaci\u00f3n<\/a><\/h3>\n<p>&nbsp;<\/p>\n<h2 style=\"font-size: 10pt; display: inline;\">Curso de Terapia Multidimensional en Foz do Igua\u00e7u en 2018 con Paulo Nogueira &#8211;<\/h2>\n<h3 style=\"font-size: 9pt; display: inline;\"><a href=\"#\">M\u00e1s informaci\u00f3n<\/a><\/h3>\n<p>&nbsp;<\/p>\n<h2 style=\"font-size: 10pt; display: inline;\">Curso de Terapia Multidimensional en V\u00e1rzea Grande en 2018 con Paulo Nogueira &#8211;<\/h2>\n<h3 style=\"font-size: 9pt; display: inline;\"><a href=\"#\">M\u00e1s informaci\u00f3n<\/a><\/h3>\n<p>&nbsp;<\/p>\n<h2 style=\"font-size: 10pt; display: inline;\">Curso de Terapia Multidimensional en Volta Redonda en 2018 con Paulo Nogueira &#8211;<\/h2>\n<h3 style=\"font-size: 9pt; display: inline;\"><a href=\"#\">M\u00e1s informaci\u00f3n<\/a><\/h3>\n<p>&nbsp;<\/p>\n<h2 style=\"font-size: 10pt; display: inline;\">Curso de Terapia Multidimensional en Juazeiro do Norte en 2018 con Paulo Nogueira &#8211;<\/h2>\n<h3 style=\"font-size: 9pt; display: inline;\"><a href=\"#\">M\u00e1s informaci\u00f3n<\/a><\/h3>\n<p>&nbsp;<\/p>\n<h2 style=\"font-size: 10pt; display: inline;\">Curso de Terapia Multidimensional en Sumar\u00e9 en 2018 con Paulo Nogueira &#8211;<\/h2>\n<h3 style=\"font-size: 9pt; display: inline;\"><a href=\"#\">M\u00e1s informaci\u00f3n<\/a><\/h3>\n<p>&nbsp;<\/p>\n<h2 style=\"font-size: 10pt; display: inline;\">Curso de terapia multidimensional en Palmas en 2018 con Paulo Nogueira &#8211;<\/h2>\n<h3 style=\"font-size: 9pt; display: inline;\"><a href=\"#\">M\u00e1s informaci\u00f3n<\/a><\/h3>\n<p>&nbsp;<\/p>\n<h2 style=\"font-size: 10pt; display: inline;\">Curso de Terapia Multidimensional en Barueri en 2018 con Paulo Nogueira &#8211;<\/h2>\n<h3 style=\"font-size: 9pt; display: inline;\"><a href=\"#\">M\u00e1s informaci\u00f3n<\/a><\/h3>\n<p>&nbsp;<\/p>\n<h2 style=\"font-size: 10pt; display: inline;\">Curso de terapia multidimensional en Embu en 2018 con Paulo Nogueira &#8211;<\/h2>\n<h3 style=\"font-size: 9pt; display: inline;\"><a href=\"#\">M\u00e1s informaci\u00f3n<\/a><\/h3>\n<p>&nbsp;<\/p>\n<h2 style=\"font-size: 10pt; display: inline;\">Curso de Terapia Multidimensional en Ipatinga en 2018 con Paulo Nogueira &#8211;<\/h2>\n<h3 style=\"font-size: 9pt; display: inline;\"><a href=\"#\">M\u00e1s informaci\u00f3n<\/a><\/h3>\n<p>&nbsp;<\/p>\n<h2 style=\"font-size: 10pt; display: inline;\">Curso de Terapia Multidimensional en Marab\u00e1 en 2018 con Paulo Nogueira &#8211;<\/h2>\n<h3 style=\"font-size: 9pt; display: inline;\"><a href=\"#\">M\u00e1s informaci\u00f3n<\/a><\/h3>\n<p>&nbsp;<\/p>\n<h2 style=\"font-size: 10pt; display: inline;\">Curso de Terapia Multidimensional en Imperatriz en 2018 con Paulo Nogueira &#8211;<\/h2>\n<h3 style=\"font-size: 9pt; display: inline;\"><a href=\"#\">M\u00e1s informaci\u00f3n<\/a><\/h3>\n<p>&nbsp;<\/p>\n<h2 style=\"font-size: 10pt; display: inline;\">Curso de Terapia Multidimensional en Viam\u00e3o en 2018 con Paulo Nogueira &#8211;<\/h2>\n<h3 style=\"font-size: 9pt; display: inline;\"><a href=\"#\">M\u00e1s informaci\u00f3n<\/a><\/h3>\n<p>&nbsp;<\/p>\n<h2 style=\"font-size: 10pt; display: inline;\">Curso de Terapia Multidimensional en Novo Hamburgo en 2018 con Paulo Nogueira &#8211;<\/h2>\n<h3 style=\"font-size: 9pt; display: inline;\"><a href=\"#\">M\u00e1s informaci\u00f3n<\/a><\/h3>\n<p>&nbsp;<\/p>\n<h2 style=\"font-size: 10pt; display: inline;\">Curso de Terapia Multidimensional en S\u00e3o Carlos en 2018 con Paulo Nogueira &#8211;<\/h2>\n<h3 style=\"font-size: 9pt; display: inline;\"><a href=\"#\">M\u00e1s informaci\u00f3n<\/a><\/h3>\n<p>&nbsp;<\/p>\n<h2 style=\"font-size: 10pt; display: inline;\">Curso de terapia multidimensional en Mag\u00e9 en 2018 con Paulo Nogueira &#8211;<\/h2>\n<h3 style=\"font-size: 9pt; display: inline;\"><a href=\"#\">M\u00e1s informaci\u00f3n<\/a><\/h3>\n<p>&nbsp;<\/p>\n<h2 style=\"font-size: 10pt; display: inline;\">Curso de Terapia Multidimensional en Parnamirim en 2018 con Paulo Nogueira &#8211;<\/h2>\n<h3 style=\"font-size: 9pt; display: inline;\"><a href=\"#\">M\u00e1s informaci\u00f3n<\/a><\/h3>\n<p>&nbsp;<\/p>\n<h2 style=\"font-size: 10pt; display: inline;\">Curso de Terapia Multidimensional en Mar\u00edlia en 2018 con Paulo Nogueira &#8211;<\/h2>\n<h3 style=\"font-size: 9pt; display: inline;\"><a href=\"#\">M\u00e1s informaci\u00f3n<\/a><\/h3>\n<p>&nbsp;<\/p>\n<h2 style=\"font-size: 10pt; display: inline;\">Curso de Terapia Multidimensional en Arapiraca en 2018 con Paulo Nogueira &#8211;<\/h2>\n<h3 style=\"font-size: 9pt; display: inline;\"><a href=\"#\">M\u00e1s informaci\u00f3n<\/a><\/h3>\n<p>&nbsp;<\/p>\n<h2 style=\"font-size: 10pt; display: inline;\">Curso de Terapia Multidimensional en Sete Lagoas en 2018 con Paulo Nogueira &#8211;<\/h2>\n<h3 style=\"font-size: 9pt; display: inline;\"><a href=\"#\">M\u00e1s informaci\u00f3n<\/a><\/h3>\n<p>&nbsp;<\/p>\n<h2 style=\"font-size: 10pt; display: inline;\">Curso de terapia multidimensional en Colombo en 2018 con Paulo Nogueira &#8211;<\/h2>\n<h3 style=\"font-size: 9pt; display: inline;\"><a href=\"#\">M\u00e1s informaci\u00f3n<\/a><\/h3>\n<p>&nbsp;<\/p>\n<h2 style=\"font-size: 10pt; display: inline;\">Curso de Terapia Multidimensional en Divin\u00f3polis en 2018 con Paulo Nogueira &#8211;<\/h2>\n<h3 style=\"font-size: 9pt; display: inline;\"><a href=\"#\">M\u00e1s informaci\u00f3n<\/a><\/h3>\n<p>&nbsp;<\/p>\n<h2 style=\"font-size: 10pt; display: inline;\">Curso de Terapia Multidimensional en S\u00e3o Leopoldo en 2018 con Paulo Nogueira &#8211;<\/h2>\n<h3 style=\"font-size: 9pt; display: inline;\"><a href=\"#\">M\u00e1s informaci\u00f3n<\/a><\/h3>\n<p>&nbsp;<\/p>\n<h2 style=\"font-size: 10pt; display: inline;\">Curso de Terapia Multidimensional en Itabora\u00ed en 2018 con Paulo Nogueira &#8211;<\/h2>\n<h3 style=\"font-size: 9pt; display: inline;\"><a href=\"#\">M\u00e1s informaci\u00f3n<\/a><\/h3>\n<p>&nbsp;<\/p>\n<h2 style=\"font-size: 10pt; display: inline;\">Curso de Terapia Multidimensional en S\u00e3o Jos\u00e9 en 2018 con Paulo Nogueira &#8211;<\/h2>\n<h3 style=\"font-size: 9pt; display: inline;\"><a href=\"#\">M\u00e1s informaci\u00f3n<\/a><\/h3>\n<p>&nbsp;<\/p>\n<h2 style=\"font-size: 10pt; display: inline;\">Curso de Terapia Multidimensional en Americana en 2018 con Paulo Nogueira &#8211;<\/h2>\n<h3 style=\"font-size: 9pt; display: inline;\"><a href=\"#\">M\u00e1s informaci\u00f3n<\/a><\/h3>\n<p>&nbsp;<\/p>\n<h2 style=\"font-size: 10pt; display: inline;\">Curso de terapia multidimensional en Maca\u00e9 en 2018 con Paulo Nogueira &#8211;<\/h2>\n<h3 style=\"font-size: 9pt; display: inline;\"><a href=\"#\">M\u00e1s informaci\u00f3n<\/a><\/h3>\n<p>&nbsp;<\/p>\n<h2 style=\"font-size: 10pt; display: inline;\">Curso de Terapia Multidimensional en Jacare\u00ed en 2018 con Paulo Nogueira &#8211;<\/h2>\n<h3 style=\"font-size: 9pt; display: inline;\"><a href=\"#\">M\u00e1s informaci\u00f3n<\/a><\/h3>\n<p>&nbsp;<\/p>\n<h2 style=\"font-size: 10pt; display: inline;\">Curso de Terapia Multidimensional en Indaiatuba en 2018 con Paulo Nogueira &#8211;<\/h2>\n<h3 style=\"font-size: 9pt; display: inline;\"><a href=\"#\">M\u00e1s informaci\u00f3n<\/a><\/h3>\n<p>&nbsp;<\/p>\n<h2 style=\"font-size: 10pt; display: inline;\">Curso de Terapia Multidimensional en Araraquara en 2018 con Paulo Nogueira &#8211;<\/h2>\n<h3 style=\"font-size: 9pt; display: inline;\"><a href=\"#\">M\u00e1s informaci\u00f3n<\/a><\/h3>\n<p>&nbsp;<\/p>\n<h2 style=\"font-size: 10pt; display: inline;\">Curso de Terapia Multidimensional en Cotia en 2018 con Paulo Nogueira &#8211;<\/h2>\n<h3 style=\"font-size: 9pt; display: inline;\"><a href=\"#\">M\u00e1s informaci\u00f3n<\/a><\/h3>\n<p>&nbsp;<\/p>\n<h2 style=\"font-size: 10pt; display: inline;\">Curso de Terapia Multidimensional en Presidente Prudente en 2018 con Paulo Nogueira &#8211;<\/h2>\n<h3 style=\"font-size: 9pt; display: inline;\"><a href=\"#\">M\u00e1s informaci\u00f3n<\/a><\/h3>\n<p>&nbsp;<\/p>\n<h2 style=\"font-size: 10pt; display: inline;\">Curso de Terapia Multidimensional en Itabuna en 2018 con Paulo Nogueira &#8211;<\/h2>\n<h3 style=\"font-size: 9pt; display: inline;\"><a href=\"#\">M\u00e1s informaci\u00f3n<\/a><\/h3>\n<p>&nbsp;<\/p>\n<h2 style=\"font-size: 10pt; display: inline;\">Curso de Terapia Multidimensional en Maracana\u00fa en 2018 con Paulo Nogueira &#8211;<\/h2>\n<h3 style=\"font-size: 9pt; display: inline;\"><a href=\"#\">M\u00e1s informaci\u00f3n<\/a><\/h3>\n<p>&nbsp;<\/p>\n<h2 style=\"font-size: 10pt; display: inline;\">Curso de Terapia Multidimensional en Itapevi en 2018 con Paulo Nogueira &#8211;<\/h2>\n<h3 style=\"font-size: 9pt; display: inline;\"><a href=\"#\">M\u00e1s informaci\u00f3n<\/a><\/h3>\n<p>&nbsp;<\/p>\n<h2 style=\"font-size: 10pt; display: inline;\">Curso de Terapia Multidimensional en Juazeiro en 2018 con Paulo Nogueira &#8211;<\/h2>\n<h3 style=\"font-size: 9pt; display: inline;\"><a href=\"#\">M\u00e1s informaci\u00f3n<\/a><\/h3>\n<p>&nbsp;<\/p>\n<h2 style=\"font-size: 10pt; display: inline;\">Curso de Terapia Multidimensional en Santa Luzia en 2018 con Paulo Nogueira &#8211;<\/h2>\n<h3 style=\"font-size: 9pt; display: inline;\"><a href=\"#\">M\u00e1s informaci\u00f3n<\/a><\/h3>\n<p>&nbsp;<\/p>\n<h2 style=\"font-size: 10pt; display: inline;\">Curso de Terapia Multidimensional en Hortol\u00e2ndia en 2018 con Paulo Nogueira &#8211;<\/h2>\n<h3 style=\"font-size: 9pt; display: inline;\"><a href=\"#\">M\u00e1s informaci\u00f3n<\/a><\/h3>\n<p>&nbsp;<\/p>\n<h2 style=\"font-size: 10pt; display: inline;\">Curso de Terapia Multidimensional en Rondon\u00f3polis en 2018 con Paulo Nogueira &#8211;<\/h2>\n<h3 style=\"font-size: 9pt; display: inline;\"><a href=\"#\">M\u00e1s informaci\u00f3n<\/a><\/h3>\n<p>&nbsp;<\/p>\n<h2 style=\"font-size: 10pt; display: inline;\">Curso de Terapia Multidimensional en Dourados en 2018 con Paulo Nogueira &#8211;<\/h2>\n<h3 style=\"font-size: 9pt; display: inline;\"><a href=\"#\">M\u00e1s informaci\u00f3n<\/a><\/h3>\n<p>&nbsp;<\/p>\n<h2 style=\"font-size: 10pt; display: inline;\">Curso de Terapia Multidimensional en R\u00edo Grande en 2018 con Paulo Nogueira &#8211;<\/h2>\n<h3 style=\"font-size: 9pt; display: inline;\"><a href=\"#\">M\u00e1s informaci\u00f3n<\/a><\/h3>\n<p>&nbsp;<\/p>\n<h2 style=\"font-size: 10pt; display: inline;\">Curso de Terapia Multidimensional en Cachoeiro de Itapemirim en 2018 con Paulo Nogueira &#8211;<\/h2>\n<h3 style=\"font-size: 9pt; display: inline;\"><a href=\"#\">M\u00e1s informaci\u00f3n<\/a><\/h3>\n<p>&nbsp;<\/p>\n<h2 style=\"font-size: 10pt; display: inline;\">Curso de terapia multidimensional en Alvorada en 2018 con Paulo Nogueira &#8211;<\/h2>\n<h3 style=\"font-size: 9pt; display: inline;\"><a href=\"#\">M\u00e1s informaci\u00f3n<\/a><\/h3>\n<p>&nbsp;<\/p>\n<h2 style=\"font-size: 10pt; display: inline;\">Curso de Terapia Multidimensional en Crici\u00fama en 2018 con Paulo Nogueira &#8211;<\/h2>\n<h3 style=\"font-size: 9pt; display: inline;\"><a href=\"#\">M\u00e1s informaci\u00f3n<\/a><\/h3>\n<p>&nbsp;<\/p>\n<h2 style=\"font-size: 10pt; display: inline;\">Curso de Terapia Multidimensional en Cabo Fr\u00edo en 2018 con Paulo Nogueira &#8211;<\/h2>\n<h3 style=\"font-size: 9pt; display: inline;\"><a href=\"#\">M\u00e1s informaci\u00f3n<\/a><\/h3>\n<p>&nbsp;<\/p>\n<h2 style=\"font-size: 10pt; display: inline;\">Curso de Terapia Multidimensional en Chapec\u00f3 en 2018 con Paulo Nogueira &#8211;<\/h2>\n<h3 style=\"font-size: 9pt; display: inline;\"><a href=\"#\">M\u00e1s informaci\u00f3n<\/a><\/h3>\n<p>&nbsp;<\/p>\n<h2 style=\"font-size: 10pt; display: inline;\">Curso de Terapia Multidimensional en Itaja\u00ed en 2018 con Paulo Nogueira &#8211;<\/h2>\n<h3 style=\"font-size: 9pt; display: inline;\"><a href=\"#\">M\u00e1s informaci\u00f3n<\/a><\/h3>\n<p>&nbsp;<\/p>\n<h2 style=\"font-size: 10pt; display: inline;\">Curso de Terapia Multidimensional en Sobral en 2018 con Paulo Nogueira &#8211;<\/h2>\n<h3 style=\"font-size: 9pt; display: inline;\"><a href=\"#\">M\u00e1s informaci\u00f3n<\/a><\/h3>\n<p>&nbsp;<\/p>\n<h2 style=\"font-size: 10pt; display: inline;\">Curso de Terapia Multidimensional en R\u00edo Verde en 2018 con Paulo Nogueira &#8211;<\/h2>\n<h3 style=\"font-size: 9pt; display: inline;\"><a href=\"#\">M\u00e1s informaci\u00f3n<\/a><\/h3>\n<p>&nbsp;<\/p>\n<h2 style=\"font-size: 10pt; display: inline;\">Curso de terapia multidimensional en R\u00edo Claro en 2018 con Paulo Nogueira &#8211;<\/h2>\n<h3 style=\"font-size: 9pt; display: inline;\"><a href=\"#\">M\u00e1s informaci\u00f3n<\/a><\/h3>\n<p>&nbsp;<\/p>\n<h2 style=\"font-size: 10pt; display: inline;\">Curso de Terapia Multidimensional en Cabo de Santo Agostinho en 2018 con Paulo Nogueira &#8211;<\/h2>\n<h3 style=\"font-size: 9pt; display: inline;\"><a href=\"#\">M\u00e1s informaci\u00f3n<\/a><\/h3>\n<p>&nbsp;<\/p>\n<h2 style=\"font-size: 10pt; display: inline;\">Curso de Terapia Multidimensional en Passo Fundo en 2018 con Paulo Nogueira &#8211;<\/h2>\n<h3 style=\"font-size: 9pt; display: inline;\"><a href=\"#\">M\u00e1s informaci\u00f3n<\/a><\/h3>\n<p>&nbsp;<\/p>\n<h2 style=\"font-size: 10pt; display: inline;\">Curso de Terapia Multidimensional en Ara\u00e7atuba en 2018 con Paulo Nogueira &#8211;<\/h2>\n<h3 style=\"font-size: 9pt; display: inline;\"><a href=\"#\">M\u00e1s informaci\u00f3n<\/a><\/h3>\n<p>&nbsp;<\/p>\n<h2 style=\"font-size: 10pt; display: inline;\">Curso de Terapia Multidimensional en Santa B\u00e1rbara d&#8217;Oeste en 2018 con Paulo Nogueira &#8211;<\/h2>\n<h3 style=\"font-size: 9pt; display: inline;\"><a href=\"#\">M\u00e1s informaci\u00f3n<\/a><\/h3>\n<p>&nbsp;<\/p>\n<h2 style=\"font-size: 10pt; display: inline;\">Curso de Terapia Multidimensional en Luzi\u00e2nia en 2018 con Paulo Nogueira &#8211;<\/h2>\n<h3 style=\"font-size: 9pt; display: inline;\"><a href=\"#\">M\u00e1s informaci\u00f3n<\/a><\/h3>\n<p>&nbsp;<\/p>\n<h2 style=\"font-size: 10pt; display: inline;\">Curso de Terapia Multidimensional en Ilh\u00e9us en 2018 con Paulo Nogueira &#8211;<\/h2>\n<h3 style=\"font-size: 9pt; display: inline;\"><a href=\"#\">M\u00e1s informaci\u00f3n<\/a><\/h3>\n<p>&nbsp;<\/p>\n<h2 style=\"font-size: 10pt; display: inline;\">Curso de Terapia Multidimensional en Lauro de Freitas en 2018 con Paulo Nogueira &#8211;<\/h2>\n<h3 style=\"font-size: 9pt; display: inline;\"><a href=\"#\">M\u00e1s informaci\u00f3n<\/a><\/h3>\n<p>&nbsp;<\/p>\n<h2 style=\"font-size: 10pt; display: inline;\">Curso de Terapia Multidimensional en Nova Friburgo en 2018 con Paulo Nogueira &#8211;<\/h2>\n<h3 style=\"font-size: 9pt; display: inline;\"><a href=\"#\">M\u00e1s informaci\u00f3n<\/a><\/h3>\n<p>&nbsp;<\/p>\n<h2 style=\"font-size: 10pt; display: inline;\">Curso de Terapia Multidimensional en Castanhal en 2018 con Paulo Nogueira &#8211;<\/h2>\n<h3 style=\"font-size: 9pt; display: inline;\"><a href=\"#\">M\u00e1s informaci\u00f3n<\/a><\/h3>\n<p>&nbsp;<\/p>\n<h2 style=\"font-size: 10pt; display: inline;\">Curso de Terapia Multidimensional en Angra dos Reis en 2018 con Paulo Nogueira &#8211;<\/h2>\n<h3 style=\"font-size: 9pt; display: inline;\"><a href=\"#\">M\u00e1s informaci\u00f3n<\/a><\/h3>\n<p>&nbsp;<\/p>\n<h2 style=\"font-size: 10pt; display: inline;\">Curso de Terapia Multidimensional en Ferraz de Vasconcelos en 2018 con Paulo Nogueira &#8211;<\/h2>\n<h3 style=\"font-size: 9pt; display: inline;\"><a href=\"#\">M\u00e1s informaci\u00f3n<\/a><\/h3>\n<p>&nbsp;<\/p>\n<h2 style=\"font-size: 10pt; display: inline;\">Curso de Terapia Multidimensional en Barra Mansa en 2018 con Paulo Nogueira &#8211;<\/h2>\n<h3 style=\"font-size: 9pt; display: inline;\"><a href=\"#\">M\u00e1s informaci\u00f3n<\/a><\/h3>\n<p>&nbsp;<\/p>\n<h2 style=\"font-size: 10pt; display: inline;\">Curso de Terapia Multidimensional en \u00c1guas Lindas de Goi\u00e1s en 2018 con Paulo Nogueira &#8211;<\/h2>\n<h3 style=\"font-size: 9pt; display: inline;\"><a href=\"#\">M\u00e1s informaci\u00f3n<\/a><\/h3>\n<p>&nbsp;<\/p>\n<h2 style=\"font-size: 10pt; display: inline;\">Curso de Terapia Multidimensional en Parauapebas en 2018 con Paulo Nogueira &#8211;<\/h2>\n<h3 style=\"font-size: 9pt; display: inline;\"><a href=\"#\">M\u00e1s informaci\u00f3n<\/a><\/h3>\n<p>&nbsp;<\/p>\n<h2 style=\"font-size: 10pt; display: inline;\">Curso de Terapia Multidimensional en Guarapuava en 2018 con Paulo Nogueira &#8211;<\/h2>\n<h3 style=\"font-size: 9pt; display: inline;\"><a href=\"#\">M\u00e1s informaci\u00f3n<\/a><\/h3>\n<p>&nbsp;<\/p>\n<h2 style=\"font-size: 10pt; display: inline;\">Curso de Terapia Multidimensional en Nossa Senhora do Socorro en 2018 con Paulo Nogueira &#8211;<\/h2>\n<h3 style=\"font-size: 9pt; display: inline;\"><a href=\"#\">M\u00e1s informaci\u00f3n<\/a><\/h3>\n<p>&nbsp;<\/p>\n<h2 style=\"font-size: 10pt; display: inline;\">Curso de Terapia Multidimensional en S\u00e3o Jos\u00e9 de Ribamar en 2018 con Paulo Nogueira &#8211;<\/h2>\n<h3 style=\"font-size: 9pt; display: inline;\"><a href=\"#\">M\u00e1s informaci\u00f3n<\/a><\/h3>\n<p>&nbsp;<\/p>\n<h2 style=\"font-size: 10pt; display: inline;\">Curso de Terapia Multidimensional en Mesquita en 2018 con Paulo Nogueira &#8211;<\/h2>\n<h3 style=\"font-size: 9pt; display: inline;\"><a href=\"#\">M\u00e1s informaci\u00f3n<\/a><\/h3>\n<p>&nbsp;<\/p>\n<h2 style=\"font-size: 10pt; display: inline;\">Curso de Terapia Multidimensional en Ibirit\u00e9 en 2018 con Paulo Nogueira &#8211;<\/h2>\n<h3 style=\"font-size: 9pt; display: inline;\"><a href=\"#\">M\u00e1s informaci\u00f3n<\/a><\/h3>\n<p>&nbsp;<\/p>\n<h2 style=\"font-size: 10pt; display: inline;\">Curso de Terapia Multidimensional en Teres\u00f3polis en 2018 con Paulo Nogueira &#8211;<\/h2>\n<h3 style=\"font-size: 9pt; display: inline;\"><a href=\"#\">M\u00e1s informaci\u00f3n<\/a><\/h3>\n<p>&nbsp;<\/p>\n<h2 style=\"font-size: 10pt; display: inline;\">Curso de terapia multidimensional en Francisco Morato en 2018 con Paulo Nogueira &#8211;<\/h2>\n<h3 style=\"font-size: 9pt; display: inline;\"><a href=\"#\">M\u00e1s informaci\u00f3n<\/a><\/h3>\n<p>&nbsp;<\/p>\n<h2 style=\"font-size: 10pt; display: inline;\">Curso de Terapia Multidimensional en Aragua\u00edna en 2018 con Paulo Nogueira &#8211;<\/h2>\n<h3 style=\"font-size: 9pt; display: inline;\"><a href=\"#\">M\u00e1s informaci\u00f3n<\/a><\/h3>\n<p>&nbsp;<\/p>\n<h2 style=\"font-size: 10pt; display: inline;\">Curso de Terapia Multidimensional en Itu en 2018 con Paulo Nogueira &#8211;<\/h2>\n<h3 style=\"font-size: 9pt; display: inline;\"><a href=\"#\">M\u00e1s informaci\u00f3n<\/a><\/h3>\n<p>&nbsp;<\/p>\n<h2 style=\"font-size: 10pt; display: inline;\">Curso de Terapia Multidimensional en Itapecerica da Serra en 2018 con Paulo Nogueira &#8211;<\/h2>\n<h3 style=\"font-size: 9pt; display: inline;\"><a href=\"#\">M\u00e1s informaci\u00f3n<\/a><\/h3>\n<p>&nbsp;<\/p>\n<h2 style=\"font-size: 10pt; display: inline;\">Curso de Terapia Multidimensional en Tim\u00f3n en 2018 con Paulo Nogueira &#8211;<\/h2>\n<h3 style=\"font-size: 9pt; display: inline;\"><a href=\"#\">M\u00e1s informaci\u00f3n<\/a><\/h3>\n<p>&nbsp;<\/p>\n<h2 style=\"font-size: 10pt; display: inline;\">Curso de terapia multidimensional en Jequi\u00e9 en 2018 con Paulo Nogueira &#8211;<\/h2>\n<h3 style=\"font-size: 9pt; display: inline;\"><a href=\"#\">M\u00e1s informaci\u00f3n<\/a><\/h3>\n<p>&nbsp;<\/p>\n<h2 style=\"font-size: 10pt; display: inline;\">Curso de Terapia Multidimensional en Po\u00e7os de Caldas en 2018 con Paulo Nogueira &#8211;<\/h2>\n<h3 style=\"font-size: 9pt; display: inline;\"><a href=\"#\">M\u00e1s informaci\u00f3n<\/a><\/h3>\n<p>&nbsp;<\/p>\n<h2 style=\"font-size: 10pt; display: inline;\">Curso de Terapia Multidimensional en Caxias en 2018 con Paulo Nogueira &#8211;<\/h2>\n<h3 style=\"font-size: 9pt; display: inline;\"><a href=\"#\">M\u00e1s informaci\u00f3n<\/a><\/h3>\n<p>&nbsp;<\/p>\n<h2 style=\"font-size: 10pt; display: inline;\">Curso de Terapia Multidimensional en Lages en 2018 con Paulo Nogueira &#8211;<\/h2>\n<h3 style=\"font-size: 9pt; display: inline;\"><a href=\"#\">M\u00e1s informaci\u00f3n<\/a><\/h3>\n<p>&nbsp;<\/p>\n<h2 style=\"font-size: 10pt; display: inline;\">Curso de Terapia Multidimensional en Nil\u00f3polis en 2018 con Paulo Nogueira &#8211;<\/h2>\n<h3 style=\"font-size: 9pt; display: inline;\"><a href=\"#\">M\u00e1s informaci\u00f3n<\/a><\/h3>\n<p>&nbsp;<\/p>\n<h2 style=\"font-size: 10pt; display: inline;\">Curso de Terapia Multidimensional en Linhares en 2018 con Paulo Nogueira &#8211;<\/h2>\n<h3 style=\"font-size: 9pt; display: inline;\"><a href=\"#\">M\u00e1s informaci\u00f3n<\/a><\/h3>\n<p>&nbsp;<\/p>\n<h2 style=\"font-size: 10pt; display: inline;\">Curso de Terapia Multidimensional en Pindamonhangaba en 2018 con Paulo Nogueira &#8211;<\/h2>\n<h3 style=\"font-size: 9pt; display: inline;\"><a href=\"#\">M\u00e1s informaci\u00f3n<\/a><\/h3>\n<p>&nbsp;<\/p>\n<h2 style=\"font-size: 10pt; display: inline;\">Curso de Terapia Multidimensional en Bragan\u00e7a Paulista en 2018 con Paulo Nogueira &#8211;<\/h2>\n<h3 style=\"font-size: 9pt; display: inline;\"><a href=\"#\">M\u00e1s informaci\u00f3n<\/a><\/h3>\n<p>&nbsp;<\/p>\n<h2 style=\"font-size: 10pt; display: inline;\">Curso de Terapia Multidimensional en Jaragu\u00e1 do Sul en 2018 con Paulo Nogueira &#8211;<\/h2>\n<h3 style=\"font-size: 9pt; display: inline;\"><a href=\"#\">M\u00e1s informaci\u00f3n<\/a><\/h3>\n<p>&nbsp;<\/p>\n<h2 style=\"font-size: 10pt; display: inline;\">Curso de Terapia Multidimensional en S\u00e3o Caetano do Sul en 2018 con Paulo Nogueira &#8211;<\/h2>\n<h3 style=\"font-size: 9pt; display: inline;\"><a href=\"#\">M\u00e1s informaci\u00f3n<\/a><\/h3>\n<p>&nbsp;<\/p>\n<h2 style=\"font-size: 10pt; display: inline;\">Curso de Terapia Multidimensional en Itapetininga en 2018 con Paulo Nogueira &#8211;<\/h2>\n<h3 style=\"font-size: 9pt; display: inline;\"><a href=\"#\">M\u00e1s informaci\u00f3n<\/a><\/h3>\n<p>&nbsp;<\/p>\n<h2 style=\"font-size: 10pt; display: inline;\">Curso de Terapia Multidimensional en Teixeira de Freitas en 2018 con Paulo Nogueira &#8211;<\/h2>\n<h3 style=\"font-size: 9pt; display: inline;\"><a href=\"#\">M\u00e1s informaci\u00f3n<\/a><\/h3>\n<p>&nbsp;<\/p>\n<h2 style=\"font-size: 10pt; display: inline;\">Curso de Terapia Multidimensional en Alagoinhas en 2018 con Paulo Nogueira &#8211;<\/h2>\n<h3 style=\"font-size: 9pt; display: inline;\"><a href=\"#\">M\u00e1s informaci\u00f3n<\/a><\/h3>\n<p>&nbsp;<\/p>\n<h2 style=\"font-size: 10pt; display: inline;\">Curso de Terapia Multidimensional en Camaragibe en 2018 con Paulo Nogueira &#8211;<\/h2>\n<h3 style=\"font-size: 9pt; display: inline;\"><a href=\"#\">M\u00e1s informaci\u00f3n<\/a><\/h3>\n<p>&nbsp;<\/p>\n<h2 style=\"font-size: 10pt; display: inline;\">Curso de Terapia Multidimensional en Barreiras en 2018 con Paulo Nogueira &#8211;<\/h2>\n<h3 style=\"font-size: 9pt; display: inline;\"><a href=\"#\">M\u00e1s informaci\u00f3n<\/a><\/h3>\n<p>&nbsp;<\/p>\n<h2 style=\"font-size: 10pt; display: inline;\">Curso de Terapia Multidimensional en Palho\u00e7a en 2018 con Paulo Nogueira &#8211;<\/h2>\n<h3 style=\"font-size: 9pt; display: inline;\"><a href=\"#\">M\u00e1s informaci\u00f3n<\/a><\/h3>\n<p>&nbsp;<\/p>\n<h2 style=\"font-size: 10pt; display: inline;\">Curso de Terapia Multidimensional en Parna\u00edba en 2018 con Paulo Nogueira &#8211;<\/h2>\n<h3 style=\"font-size: 9pt; display: inline;\"><a href=\"#\">M\u00e1s informaci\u00f3n<\/a><\/h3>\n<p>&nbsp;<\/p>\n<h2 style=\"font-size: 10pt; display: inline;\">Curso de Terapia Multidimensional en Paranagu\u00e1 en 2018 con Paulo Nogueira &#8211;<\/h2>\n<h3 style=\"font-size: 9pt; display: inline;\"><a href=\"#\">M\u00e1s informaci\u00f3n<\/a><\/h3>\n<p>&nbsp;<\/p>\n<h2 style=\"font-size: 10pt; display: inline;\">Curso de Terapia Multidimensional en Abaetetuba en 2018 con Paulo Nogueira &#8211;<\/h2>\n<h3 style=\"font-size: 9pt; display: inline;\"><a href=\"#\">M\u00e1s informaci\u00f3n<\/a><\/h3>\n<p>&nbsp;<\/p>\n<h2 style=\"font-size: 10pt; display: inline;\">Curso de Terapia Multidimensional en Valpara\u00edso de Goi\u00e1s en 2018 con Paulo Nogueira &#8211;<\/h2>\n<h3 style=\"font-size: 9pt; display: inline;\"><a href=\"#\">M\u00e1s informaci\u00f3n<\/a><\/h3>\n<p>&nbsp;<\/p>\n<h2 style=\"font-size: 10pt; display: inline;\">Curso de Terapia Multidimensional en Patos de Minas en 2018 con Paulo Nogueira &#8211;<\/h2>\n<h3 style=\"font-size: 9pt; display: inline;\"><a href=\"#\">M\u00e1s informaci\u00f3n<\/a><\/h3>\n<p>&nbsp;<\/p>\n<h2 style=\"font-size: 10pt; display: inline;\">Curso de Terapia Multidimensional en Mogi Gua\u00e7u en 2018 con Paulo Nogueira &#8211;<\/h2>\n<h3 style=\"font-size: 9pt; display: inline;\"><a href=\"#\">M\u00e1s informaci\u00f3n<\/a><\/h3>\n<p>&nbsp;<\/p>\n<h2 style=\"font-size: 10pt; display: inline;\">Curso de Terapia Multidimensional en Franco da Rocha en 2018 con Paulo Nogueira &#8211;<\/h2>\n<h3 style=\"font-size: 9pt; display: inline;\"><a href=\"#\">M\u00e1s informaci\u00f3n<\/a><\/h3>\n<p>&nbsp;<\/p>\n<h2 style=\"font-size: 10pt; display: inline;\">2018 Curso de terapia multidimensional en quemados con Paulo Nogueira &#8211;<\/h2>\n<h3 style=\"font-size: 9pt; display: inline;\"><a href=\"#\">M\u00e1s informaci\u00f3n<\/a><\/h3>\n<p>&nbsp;<\/p>\n<h2 style=\"font-size: 10pt; display: inline;\">Curso de Terapia Multidimensional en Porto Seguro en 2018 con Paulo Nogueira &#8211;<\/h2>\n<h3 style=\"font-size: 9pt; display: inline;\"><a href=\"#\">M\u00e1s informaci\u00f3n<\/a><\/h3>\n<p>&nbsp;<\/p>\n<h2 style=\"font-size: 10pt; display: inline;\">Curso de Terapia Multidimensional en Pouso Alegre en 2018 con Paulo Nogueira &#8211;<\/h2>\n<h3 style=\"font-size: 9pt; display: inline;\"><a href=\"#\">M\u00e1s informaci\u00f3n<\/a><\/h3>\n<p>&nbsp;<\/p>\n<h2 style=\"font-size: 10pt; display: inline;\">Curso de Terapia Multidimensional en Ja\u00fa en 2018 con Paulo Nogueira &#8211;<\/h2>\n<h3 style=\"font-size: 9pt; display: inline;\"><a href=\"#\">M\u00e1s informaci\u00f3n<\/a><\/h3>\n<p>&nbsp;<\/p>\n<h2 style=\"font-size: 10pt; display: inline;\">Curso de Terapia Multidimensional en Te\u00f3filo Otoni en 2018 con Paulo Nogueira &#8211;<\/h2>\n<h3 style=\"font-size: 9pt; display: inline;\"><a href=\"#\">M\u00e1s informaci\u00f3n<\/a><\/h3>\n<p>&nbsp;<\/p>\n","protected":false},"excerpt":{"rendered":"<p>Paulo Nogueira, formador de Terapeutas Multidimensionales, te presenta el curso online de Terapia Multidimensional donde en la comodidad de tu casa podr\u00e1s disfrutar de todo el entorno del curso como [&hellip;]<\/p>\n","protected":false},"author":1,"featured_media":0,"parent":0,"menu_order":0,"comment_status":"closed","ping_status":"closed","template":"","meta":{"om_disable_all_campaigns":false,"_mi_skip_tracking":false,"site-sidebar-layout":"default","site-content-layout":"","ast-site-content-layout":"default","site-content-style":"default","site-sidebar-style":"default","ast-global-header-display":"","ast-banner-title-visibility":"","ast-main-header-display":"","ast-hfb-above-header-display":"","ast-hfb-below-header-display":"","ast-hfb-mobile-header-display":"","site-post-title":"","ast-breadcrumbs-content":"","ast-featured-img":"","footer-sml-layout":"","ast-disable-related-posts":"","theme-transparent-header-meta":"","adv-header-id-meta":"","stick-header-meta":"","header-above-stick-meta":"","header-main-stick-meta":"","header-below-stick-meta":"","astra-migrate-meta-layouts":"default","ast-page-background-enabled":"default","ast-page-background-meta":{"desktop":{"background-color":"var(--ast-global-color-5)","background-image":"","background-repeat":"repeat","background-position":"center center","background-size":"auto","background-attachment":"scroll","background-type":"","background-media":"","overlay-type":"","overlay-color":"","overlay-opacity":"","overlay-gradient":""},"tablet":{"background-color":"","background-image":"","background-repeat":"repeat","background-position":"center center","background-size":"auto","background-attachment":"scroll","background-type":"","background-media":"","overlay-type":"","overlay-color":"","overlay-opacity":"","overlay-gradient":""},"mobile":{"background-color":"","background-image":"","background-repeat":"repeat","background-position":"center center","background-size":"auto","background-attachment":"scroll","background-type":"","background-media":"","overlay-type":"","overlay-color":"","overlay-opacity":"","overlay-gradient":""}},"ast-content-background-meta":{"desktop":{"background-color":"var(--ast-global-color-4)","background-image":"","background-repeat":"repeat","background-position":"center center","background-size":"auto","background-attachment":"scroll","background-type":"","background-media":"","overlay-type":"","overlay-color":"","overlay-opacity":"","overlay-gradient":""},"tablet":{"background-color":"var(--ast-global-color-4)","background-image":"","background-repeat":"repeat","background-position":"center center","background-size":"auto","background-attachment":"scroll","background-type":"","background-media":"","overlay-type":"","overlay-color":"","overlay-opacity":"","overlay-gradient":""},"mobile":{"background-color":"var(--ast-global-color-4)","background-image":"","background-repeat":"repeat","background-position":"center center","background-size":"auto","background-attachment":"scroll","background-type":"","background-media":"","overlay-type":"","overlay-color":"","overlay-opacity":"","overlay-gradient":""}},"footnotes":""},"class_list":["post-15083","page","type-page","status-publish","hentry"],"aioseo_notices":[],"_links":{"self":[{"href":"https:\/\/www.paulonogueiraterapias.com\/es\/wp-json\/wp\/v2\/pages\/15083","targetHints":{"allow":["GET"]}}],"collection":[{"href":"https:\/\/www.paulonogueiraterapias.com\/es\/wp-json\/wp\/v2\/pages"}],"about":[{"href":"https:\/\/www.paulonogueiraterapias.com\/es\/wp-json\/wp\/v2\/types\/page"}],"author":[{"embeddable":true,"href":"https:\/\/www.paulonogueiraterapias.com\/es\/wp-json\/wp\/v2\/users\/1"}],"replies":[{"embeddable":true,"href":"https:\/\/www.paulonogueiraterapias.com\/es\/wp-json\/wp\/v2\/comments?post=15083"}],"version-history":[{"count":0,"href":"https:\/\/www.paulonogueiraterapias.com\/es\/wp-json\/wp\/v2\/pages\/15083\/revisions"}],"wp:attachment":[{"href":"https:\/\/www.paulonogueiraterapias.com\/es\/wp-json\/wp\/v2\/media?parent=15083"}],"curies":[{"name":"wp","href":"https:\/\/api.w.org\/{rel}","templated":true}]}}