{"id":15031,"date":"2018-01-29T16:28:33","date_gmt":"2018-01-29T16:28:33","guid":{"rendered":"https:\/\/www.paulonogueiraterapias.com\/terapia-multidimensional-braga\/"},"modified":"2018-01-29T16:28:33","modified_gmt":"2018-01-29T16:28:33","slug":"terapia-multidimensional-braga","status":"publish","type":"page","link":"https:\/\/www.paulonogueiraterapias.com\/es\/terapia-multidimensional-braga\/","title":{"rendered":"Terapia multidimensional &#8211; Braga"},"content":{"rendered":"<div style=\"text-align: justify; font-size: 10pt;\">\n<p>La <a href=\"https:\/\/www.paulonogueiraterapias.com\/terapia-multidimensional\/\">Terapia<\/a> Multidimensional es un enfoque energ\u00e9tico hol\u00edstico disponible para todos los habitantes del distrito de Braga en modalidad presencial en el espacio Loja da Rita en Braga as\u00ed como la formaci\u00f3n en Terapia Multidimensional con el formador hol\u00edstico Paulo Nogueira.<\/p>\n<p>Para ti que vives en Amares, Barcelos, Braga, Cabeceiras de Basto, Celorico de Basto, Esposende, Fafe, Guimar\u00e3es, P\u00f3voa de Lanhoso, Terras de Bouro, Vieira do Minho, Vila Nova de Famalic\u00e3o, Vila Verde y Vizela no pierdas la oportunidad de unirte a un fabuloso equipo de terapeutas multidimensionales que han venido desde Minho al espacio Loja da Rita en Braga para participar en la formaci\u00f3n de terapeutas multidimensionales con Paulo Nogueira en ediciones anteriores.<\/p>\n<p>Braga necesita cada vez m\u00e1s terapeutas del coraz\u00f3n que ayuden a elevar la vibraci\u00f3n de Minho y del Norte del pa\u00eds dotados de recursos y conocimientos acordes con el nuevo paradigma de evoluci\u00f3n espiritual.<\/p>\n<p>Tambi\u00e9n puedes, si no puedes desplazarte, disfrutar de la sesi\u00f3n de <a href=\"https:\/\/www.paulonogueiraterapias.com\/terapia-multidimensional-a-distancia\/\">Terapia<\/a> <a href=\"https:\/\/www.paulonogueiraterapias.com\/curso-de-terapia-multidimensional-online\/\">Multidimensional<\/a> a distancia mediante Skype o puedes realizar el <a href=\"https:\/\/www.paulonogueiraterapias.com\/curso-de-terapia-multidimensional-online\/\">Curso de Terapia Multidimensional Online<\/a> donde estar\u00e1s en posesi\u00f3n de esta fant\u00e1stica herramienta de sanaci\u00f3n y ascensi\u00f3n.<\/p>\n<p>Tanto si deseas convertirte en un profesional de la Terapia Multidimensional como si quieres utilizar la formaci\u00f3n y la t\u00e9cnica s\u00f3lo para tu propio desarrollo personal, ser\u00e1s bienvenido a este evento mensual que re\u00fane a varios maestros ascendidos y estelares en un lugar inmensamente bello, en un viaje de dos d\u00edas que catapultar\u00e1 tu evoluci\u00f3n espiritual a un nuevo nivel.<\/p>\n<p>\u00danase al equipo para celebrar con nosotros el final de otro paso importante en su viaje hacia las estrellas.<\/p>\n<p>Paulo Nogueira, formador del curso, est\u00e1 totalmente disponible para celebrar colaboraciones con espacios de Terapias Alternativas y estudios de Yoga en el distrito de Braga para ayudar a acercar las nuevas herramientas que la Luz pone a disposici\u00f3n de todos los que sienten la llamada de los Seres de Luz y se reconocen o quieren reconocerse como tales.<\/p>\n<p>Prueba la terapia presencial cuando Celia est\u00e9 en el Norte el fin de semana en el espacio Lotus Moon o disfruta del <a href=\"https:\/\/www.paulonogueiraterapias.com\/curso-terapia-multidimensional\/\">Curso de Terapia Multidimensional<\/a>  con Paulo Nogueira donde permitir\u00e1s que el equipo de Seres de Luz limpie parte de tu karma, renueve tu conexi\u00f3n con lo Divino, armonice tus relaciones con tus familiares, parejas y amigos anteriores y actuales, aclare tus ideas en relaci\u00f3n a los proyectos de vida futuros, limpie tu coraz\u00f3n de heridas y resentimientos del pasado y te lleve a un nuevo nivel de conciencia.<\/p>\n<p>Ven y aprende m\u00e1s sobre las Leyes Divinas que rigen la vida en el mundo f\u00edsico y en el mundo espiritual y sobre tu origen estelar.<\/p>\n<p>La Terapia Multidimensional te ayudar\u00e1 a sanar viejos traumas que pueden estar condicionando a tu ni\u00f1o interior a ser m\u00e1s creativo, alegre y espont\u00e1neo, y te har\u00e1 consciente de tus potencialidades medi\u00famnicas que siempre est\u00e1n ligadas al aprendizaje moral y al esfuerzo evolutivo de cada uno.<\/p>\n<p>Con los Seres de Luz, algunos de tus <a href=\"https:\/\/www.paulonogueiraterapias.com\/o-que-e-o-karma\/\">lazos k\u00e1rmicos<\/a> que te mantienen atado a relaciones que ya no tienen sentido para ti se romper\u00e1n siempre que la lecci\u00f3n que les dio origen ya haya sido aprendida.<\/p>\n<p>Con Paulo Nogueira aprender\u00e1s el verdadero significado de un trabajador de la Luz, un servidor de la cosecha de Cristo, aprendiendo cada vez m\u00e1s la esencia de las ense\u00f1anzas de vivir en Unidad.<\/p>\n<p style=\"text-align: justify;\">\u00a1Organiza una sesi\u00f3n con nosotros y ven a descubrir tu potencial!<\/p>\n<p style=\"text-align: justify;\">Duraci\u00f3n de la sesi\u00f3n: 1h15m<br \/>\nValor de cambio: 35\u20ac<\/p>\n<p style=\"text-align: justify;\">Para concertar tu cita puedes utilizar el siguiente formulario o utilizar uno de nuestros <a title=\"Contactos\" href=\"https:\/\/www.paulonogueiraterapias.com\/contactos\/\">medios de contacto.<\/a><\/p>\n<h4 style=\"text-align: justify;\">Marcado de terapia multidimensional<\/h4>\n<p style=\"text-align: justify;\">[cforms name=&#8221;Marcar sess\u00e3o de Terapia Multidimensional (pre\u00e7o)&#8221;]<\/p>\n<h3 style=\"text-align: justify;\">Inscripci\u00f3n en el Curso de Terapia Multidimensional<\/h3>\n<h5 style=\"text-align: justify;\">\u00bfQuieres convertirte en un Terapeuta Multidimensional y aprender a facilitar sesiones para ti y para los dem\u00e1s? Revise las fechas, lugares y <a href=\"https:\/\/www.paulonogueiraterapias.com\/curso-terapia-multidimensional\/\">programa del Curso de Terapia Multidimensional y<\/a> complete el siguiente formulario:<\/h5>\n<p style=\"text-align: justify;\">[cforms name=&#8221;Inscrever em Curso de Terapia Multidimensional&#8221;]<\/p>\n<\/div>\n","protected":false},"excerpt":{"rendered":"<p>La Terapia Multidimensional es un enfoque energ\u00e9tico hol\u00edstico disponible para todos los habitantes del distrito de Braga en modalidad presencial en el espacio Loja da Rita en Braga as\u00ed como [&hellip;]<\/p>\n","protected":false},"author":1,"featured_media":0,"parent":0,"menu_order":0,"comment_status":"closed","ping_status":"closed","template":"","meta":{"om_disable_all_campaigns":false,"_mi_skip_tracking":false,"site-sidebar-layout":"default","site-content-layout":"","ast-site-content-layout":"default","site-content-style":"default","site-sidebar-style":"default","ast-global-header-display":"","ast-banner-title-visibility":"","ast-main-header-display":"","ast-hfb-above-header-display":"","ast-hfb-below-header-display":"","ast-hfb-mobile-header-display":"","site-post-title":"","ast-breadcrumbs-content":"","ast-featured-img":"","footer-sml-layout":"","ast-disable-related-posts":"","theme-transparent-header-meta":"","adv-header-id-meta":"","stick-header-meta":"","header-above-stick-meta":"","header-main-stick-meta":"","header-below-stick-meta":"","astra-migrate-meta-layouts":"default","ast-page-background-enabled":"default","ast-page-background-meta":{"desktop":{"background-color":"var(--ast-global-color-5)","background-image":"","background-repeat":"repeat","background-position":"center center","background-size":"auto","background-attachment":"scroll","background-type":"","background-media":"","overlay-type":"","overlay-color":"","overlay-opacity":"","overlay-gradient":""},"tablet":{"background-color":"","background-image":"","background-repeat":"repeat","background-position":"center center","background-size":"auto","background-attachment":"scroll","background-type":"","background-media":"","overlay-type":"","overlay-color":"","overlay-opacity":"","overlay-gradient":""},"mobile":{"background-color":"","background-image":"","background-repeat":"repeat","background-position":"center center","background-size":"auto","background-attachment":"scroll","background-type":"","background-media":"","overlay-type":"","overlay-color":"","overlay-opacity":"","overlay-gradient":""}},"ast-content-background-meta":{"desktop":{"background-color":"var(--ast-global-color-4)","background-image":"","background-repeat":"repeat","background-position":"center center","background-size":"auto","background-attachment":"scroll","background-type":"","background-media":"","overlay-type":"","overlay-color":"","overlay-opacity":"","overlay-gradient":""},"tablet":{"background-color":"var(--ast-global-color-4)","background-image":"","background-repeat":"repeat","background-position":"center center","background-size":"auto","background-attachment":"scroll","background-type":"","background-media":"","overlay-type":"","overlay-color":"","overlay-opacity":"","overlay-gradient":""},"mobile":{"background-color":"var(--ast-global-color-4)","background-image":"","background-repeat":"repeat","background-position":"center center","background-size":"auto","background-attachment":"scroll","background-type":"","background-media":"","overlay-type":"","overlay-color":"","overlay-opacity":"","overlay-gradient":""}},"footnotes":""},"class_list":["post-15031","page","type-page","status-publish","hentry"],"aioseo_notices":[],"_links":{"self":[{"href":"https:\/\/www.paulonogueiraterapias.com\/es\/wp-json\/wp\/v2\/pages\/15031","targetHints":{"allow":["GET"]}}],"collection":[{"href":"https:\/\/www.paulonogueiraterapias.com\/es\/wp-json\/wp\/v2\/pages"}],"about":[{"href":"https:\/\/www.paulonogueiraterapias.com\/es\/wp-json\/wp\/v2\/types\/page"}],"author":[{"embeddable":true,"href":"https:\/\/www.paulonogueiraterapias.com\/es\/wp-json\/wp\/v2\/users\/1"}],"replies":[{"embeddable":true,"href":"https:\/\/www.paulonogueiraterapias.com\/es\/wp-json\/wp\/v2\/comments?post=15031"}],"version-history":[{"count":0,"href":"https:\/\/www.paulonogueiraterapias.com\/es\/wp-json\/wp\/v2\/pages\/15031\/revisions"}],"wp:attachment":[{"href":"https:\/\/www.paulonogueiraterapias.com\/es\/wp-json\/wp\/v2\/media?parent=15031"}],"curies":[{"name":"wp","href":"https:\/\/api.w.org\/{rel}","templated":true}]}}